{"id":3322,"date":"2026-02-01T23:32:03","date_gmt":"2026-02-01T15:32:03","guid":{"rendered":"https:\/\/airscan.org\/?post_type=project&#038;p=3322"},"modified":"2026-02-09T00:11:02","modified_gmt":"2026-02-08T16:11:02","slug":"denys-air-quality-testing-prison-village","status":"publish","type":"project","link":"https:\/\/airscan.org\/fr\/project\/denys-air-quality-testing-prison-village\/","title":{"rendered":"Test de qualit\u00e9 de l'air pour Haren Prison Village"},"content":{"rendered":"<h4 class=\"wp-block-heading\">Contexte du projet<\/h4>\n\n\n\n<p>Les \u00e9tablissements p\u00e9nitentiaires de grande taille imposent des exigences inhabituellement \u00e9lev\u00e9es en mati\u00e8re de qualit\u00e9 de l'environnement int\u00e9rieur. La forte densit\u00e9 d'occupation, les longues dur\u00e9es d'exposition et les populations sensibles signifient que la qualit\u00e9 de l'air n'est pas seulement une pr\u00e9occupation r\u00e9glementaire, mais une exigence fondamentale pour la sant\u00e9, le bien-\u00eatre et la stabilit\u00e9 op\u00e9rationnelle. Parall\u00e8lement, on attend de plus en plus des \u00e9tablissements p\u00e9nitentiaires modernes qu'ils atteignent des objectifs ambitieux en mati\u00e8re de durabilit\u00e9 et de performance \u00e9nerg\u00e9tique.<\/p>\n\n\n\n<p>Le village p\u00e9nitentiaire de Haren a \u00e9t\u00e9 d\u00e9velopp\u00e9 dans le cadre de la r\u00e9ponse de la Belgique \u00e0 la surpopulation et au vieillissement des infrastructures p\u00e9nitentiaires. Con\u00e7u pour accueillir jusqu'\u00e0 1 190 d\u00e9tenus, le projet refl\u00e8te une \u00e9volution vers des environnements qui concilient les exigences de s\u00e9curit\u00e9 avec le confort int\u00e9rieur, la protection de la sant\u00e9 et la r\u00e9duction de l'impact sur l'environnement.<\/p>\n\n\n\n<h4 class=\"wp-block-heading\" style=\"padding-top:40px\">Aper\u00e7u du projet<\/h4>\n\n\n\n<p>Situ\u00e9 sur un site de 15 hectares pr\u00e8s de Bruxelles, le village p\u00e9nitentiaire de Haren comprend 17 unit\u00e9s de construction d'une superficie totale d'environ 116 000 m\u00b2. Le d\u00e9veloppement a \u00e9t\u00e9 guid\u00e9 par un concept de \u201cb\u00e2timent \u00e9nerg\u00e9tiquement neutre\u201d, visant \u00e0 maximiser le bien-\u00eatre et le confort \u00e0 l'int\u00e9rieur tout en limitant l'empreinte environnementale.<\/p>\n\n\n\n<p><a href=\"https:\/\/bregroup.com\/products\/breeam\/\" data-type=\"link\" data-id=\"https:\/\/bregroup.com\/products\/breeam\/\" target=\"_blank\" rel=\"noopener\">Certification BREEAM<\/a> a \u00e9t\u00e9 d\u00e9fini comme un objectif cl\u00e9 du projet. Dans ce cadre, la qualit\u00e9 de l'air int\u00e9rieur - en particulier le contr\u00f4le des compos\u00e9s organiques volatils (COV) et des \u00e9missions de formald\u00e9hyde - a \u00e9t\u00e9 identifi\u00e9e comme un param\u00e8tre de performance essentiel.<\/p>\n\n\n\n<h4 class=\"wp-block-heading\" style=\"padding-top:40px\">Champ d'application<\/h4>\n\n\n\n<p>Airscan assist\u00e9 <a href=\"https:\/\/www.denys.com\/en\/\" data-type=\"link\" data-id=\"https:\/\/www.denys.com\/en\/\" target=\"_blank\" rel=\"noopener\">Denys<\/a> pendant la phase de post-construction et de pr\u00e9-occupation en effectuant des tests de qualit\u00e9 de l'air int\u00e9rieur ax\u00e9s sur les compos\u00e9s organiques volatils totaux (COVT) et le formald\u00e9hyde. L'objectif \u00e9tait de v\u00e9rifier que les espaces achev\u00e9s r\u00e9pondaient aux exigences BREEAM avant l'occupation et que les mat\u00e9riaux de construction, les finitions et les syst\u00e8mes ne compromettaient pas les conditions de l'environnement int\u00e9rieur.<\/p>\n\n\n\n<p>Airscan a mis au point une campagne d'\u00e9chantillonnage de l'air adapt\u00e9e \u00e0 l'\u00e9chelle et \u00e0 la complexit\u00e9 du village de la prison. L'\u00e9chantillonnage et l'analyse ont \u00e9t\u00e9 effectu\u00e9s conform\u00e9ment aux normes ISO 16000-3 et ISO 16000-6, couvrant \u00e0 la fois l'\u00e9chantillonnage sur le terrain et l'analyse en laboratoire des COV et du formald\u00e9hyde dans l'air int\u00e9rieur.<\/p>\n\n\n\n<h4 class=\"wp-block-heading\" style=\"padding-top:40px\">R\u00e9sultat<\/h4>\n\n\n\n<p>Les r\u00e9sultats des tests sur les COV et le formald\u00e9hyde \u00e0 l'int\u00e9rieur des b\u00e2timents ont \u00e9t\u00e9 \u00e9valu\u00e9s par les \u00e9quipes de projet d'Airscan et de Denys et soumis \u00e0 l'organisme de certification BREEAM dans le cadre de la documentation globale du projet. Apr\u00e8s examen par le comit\u00e9 de pilotage BREEAM, le village p\u00e9nitentiaire de Haren s'est vu attribuer la note <strong>\u201cTr\u00e8s bien\u201d<\/strong> et inscrit dans le r\u00e9pertoire des projets BREEAM, confirmant la conformit\u00e9 aux exigences en mati\u00e8re de qualit\u00e9 de l'air int\u00e9rieur pour une infrastructure publique de grande envergure.<\/p>","protected":false},"featured_media":3323,"template":"","meta":{"_acf_changed":false},"industry":[18],"service":[16,13],"class_list":["post-3322","project","type-project","status-publish","has-post-thumbnail","hentry","industry-real-estate-offices","service-green-building","service-iaq-testing"],"acf":[],"_links":{"self":[{"href":"https:\/\/airscan.org\/fr\/wp-json\/wp\/v2\/project\/3322","targetHints":{"allow":["GET"]}}],"collection":[{"href":"https:\/\/airscan.org\/fr\/wp-json\/wp\/v2\/project"}],"about":[{"href":"https:\/\/airscan.org\/fr\/wp-json\/wp\/v2\/types\/project"}],"wp:featuredmedia":[{"embeddable":true,"href":"https:\/\/airscan.org\/fr\/wp-json\/wp\/v2\/media\/3323"}],"wp:attachment":[{"href":"https:\/\/airscan.org\/fr\/wp-json\/wp\/v2\/media?parent=3322"}],"wp:term":[{"taxonomy":"industry","embeddable":true,"href":"https:\/\/airscan.org\/fr\/wp-json\/wp\/v2\/industry?post=3322"},{"taxonomy":"service","embeddable":true,"href":"https:\/\/airscan.org\/fr\/wp-json\/wp\/v2\/service?post=3322"}],"curies":[{"name":"wp","href":"https:\/\/api.w.org\/{rel}","templated":true}]}}